{"id":2,"date":"2024-11-10T20:55:17","date_gmt":"2024-11-10T20:55:17","guid":{"rendered":"https:\/\/schuetzenverein-vanikum.de\/shs\/?page_id=2"},"modified":"2024-11-12T12:42:35","modified_gmt":"2024-11-12T12:42:35","slug":"sample-page","status":"publish","type":"page","link":"https:\/\/schuetzenverein-vanikum.de\/shs\/","title":{"rendered":"Startseite"},"content":{"rendered":"\t\t<div data-elementor-type=\"wp-page\" data-elementor-id=\"2\" class=\"elementor elementor-2\" data-elementor-post-type=\"page\">\n\t\t\t\t<div class=\"elementor-element elementor-element-a90c97b e-flex e-con-boxed e-con e-parent\" data-id=\"a90c97b\" data-element_type=\"container\">\n\t\t\t\t\t<div class=\"e-con-inner\">\n\t\t\t\t<div class=\"elementor-element elementor-element-7bb9ebf elementor-widget elementor-widget-image\" data-id=\"7bb9ebf\" data-element_type=\"widget\" data-widget_type=\"image.default\">\n\t\t\t\t<div class=\"elementor-widget-container\">\n\t\t\t\t\t\t\t\t\t\t\t\t\t<img fetchpriority=\"high\" decoding=\"async\" width=\"1024\" height=\"82\" src=\"https:\/\/schuetzenverein-vanikum.de\/shs\/wp-content\/uploads\/2024\/11\/Header1-1024x82.png\" class=\"attachment-large size-large wp-image-21\" alt=\"\" srcset=\"https:\/\/schuetzenverein-vanikum.de\/shs\/wp-content\/uploads\/2024\/11\/Header1-1024x82.png 1024w, https:\/\/schuetzenverein-vanikum.de\/shs\/wp-content\/uploads\/2024\/11\/Header1-300x24.png 300w, https:\/\/schuetzenverein-vanikum.de\/shs\/wp-content\/uploads\/2024\/11\/Header1-768x62.png 768w, https:\/\/schuetzenverein-vanikum.de\/shs\/wp-content\/uploads\/2024\/11\/Header1-1536x124.png 1536w, https:\/\/schuetzenverein-vanikum.de\/shs\/wp-content\/uploads\/2024\/11\/Header1.png 2000w\" sizes=\"(max-width: 1024px) 100vw, 1024px\" \/>\t\t\t\t\t\t\t\t\t\t\t\t\t<\/div>\n\t\t\t\t<\/div>\n\t\t\t\t<div class=\"elementor-element elementor-element-0ac14c7 elementor-widget elementor-widget-image\" data-id=\"0ac14c7\" data-element_type=\"widget\" data-widget_type=\"image.default\">\n\t\t\t\t<div class=\"elementor-widget-container\">\n\t\t\t\t\t\t\t\t\t\t\t\t\t<img decoding=\"async\" width=\"1024\" height=\"372\" src=\"https:\/\/schuetzenverein-vanikum.de\/shs\/wp-content\/uploads\/2024\/11\/Header1-1-1024x372.jpg\" class=\"attachment-large size-large wp-image-236\" alt=\"\" srcset=\"https:\/\/schuetzenverein-vanikum.de\/shs\/wp-content\/uploads\/2024\/11\/Header1-1-1024x372.jpg 1024w, https:\/\/schuetzenverein-vanikum.de\/shs\/wp-content\/uploads\/2024\/11\/Header1-1-300x109.jpg 300w, https:\/\/schuetzenverein-vanikum.de\/shs\/wp-content\/uploads\/2024\/11\/Header1-1-768x279.jpg 768w, https:\/\/schuetzenverein-vanikum.de\/shs\/wp-content\/uploads\/2024\/11\/Header1-1-1536x558.jpg 1536w, https:\/\/schuetzenverein-vanikum.de\/shs\/wp-content\/uploads\/2024\/11\/Header1-1-2048x744.jpg 2048w\" sizes=\"(max-width: 1024px) 100vw, 1024px\" \/>\t\t\t\t\t\t\t\t\t\t\t\t\t<\/div>\n\t\t\t\t<\/div>\n\t\t\t\t\t<\/div>\n\t\t\t\t<\/div>\n\t\t<div class=\"elementor-element elementor-element-514c064 e-flex e-con-boxed e-con e-parent\" data-id=\"514c064\" data-element_type=\"container\" data-settings=\"{&quot;background_background&quot;:&quot;classic&quot;}\">\n\t\t\t\t\t<div class=\"e-con-inner\">\n\t\t\t\t<div class=\"elementor-element elementor-element-12b39a2 elementor-nav-menu__align-center elementor-nav-menu--dropdown-tablet elementor-nav-menu__text-align-aside elementor-nav-menu--toggle elementor-nav-menu--burger elementor-widget elementor-widget-global elementor-global-131 elementor-widget-nav-menu\" data-id=\"12b39a2\" data-element_type=\"widget\" data-settings=\"{&quot;layout&quot;:&quot;horizontal&quot;,&quot;submenu_icon&quot;:{&quot;value&quot;:&quot;fas fa-caret-down&quot;,&quot;library&quot;:&quot;fa-solid&quot;},&quot;toggle&quot;:&quot;burger&quot;}\" data-widget_type=\"nav-menu.default\">\n\t\t\t\t<div class=\"elementor-widget-container\">\n\t\t\t\t\t\t<nav aria-label=\"Men\u00fc\" class=\"elementor-nav-menu--main elementor-nav-menu__container elementor-nav-menu--layout-horizontal e--pointer-underline e--animation-fade\">\n\t\t\t\t<ul id=\"menu-1-12b39a2\" class=\"elementor-nav-menu\"><li class=\"menu-item menu-item-type-post_type menu-item-object-page menu-item-home menu-item-124\"><a href=\"https:\/\/schuetzenverein-vanikum.de\/shs\/\" class=\"elementor-item\">Startseite<\/a><\/li>\n<li class=\"menu-item menu-item-type-post_type menu-item-object-page menu-item-has-children menu-item-123\"><a href=\"https:\/\/schuetzenverein-vanikum.de\/shs\/index.php\/unser-verein\/\" class=\"elementor-item\">Unser Verein<\/a>\n<ul class=\"sub-menu elementor-nav-menu--dropdown\">\n\t<li class=\"menu-item menu-item-type-custom menu-item-object-custom menu-item-225\"><a href=\"https:\/\/schuetzenverein-vanikum.de\/shs\/index.php\/unser-verein\/\" class=\"elementor-sub-item\">Vereinsgeschichte<\/a><\/li>\n<\/ul>\n<\/li>\n<li class=\"menu-item menu-item-type-post_type menu-item-object-page menu-item-has-children menu-item-121\"><a href=\"https:\/\/schuetzenverein-vanikum.de\/shs\/index.php\/schuetzenhalle-2\/\" class=\"elementor-item\">Sch\u00fctzenhalle<\/a>\n<ul class=\"sub-menu elementor-nav-menu--dropdown\">\n\t<li class=\"menu-item menu-item-type-custom menu-item-object-custom menu-item-226\"><a href=\"https:\/\/schuetzenverein-vanikum.de\/shs\/index.php\/schuetzenhalle-2\/\" class=\"elementor-sub-item\">Vermiezung  Sch\u00fctzenhalle<\/a><\/li>\n\t<li class=\"menu-item menu-item-type-post_type menu-item-object-page menu-item-122\"><a href=\"https:\/\/schuetzenverein-vanikum.de\/shs\/index.php\/schuetzenhalle\/\" class=\"elementor-sub-item\">Chronik der Sch\u00fctzenhalle<\/a><\/li>\n<\/ul>\n<\/li>\n<\/ul>\t\t\t<\/nav>\n\t\t\t\t\t<div class=\"elementor-menu-toggle\" role=\"button\" tabindex=\"0\" aria-label=\"Men\u00fc Umschalter\" aria-expanded=\"false\">\n\t\t\t<svg aria-hidden=\"true\" role=\"presentation\" class=\"elementor-menu-toggle__icon--open e-font-icon-svg e-eicon-menu-bar\" viewBox=\"0 0 1000 1000\" xmlns=\"http:\/\/www.w3.org\/2000\/svg\"><path d=\"M104 333H896C929 333 958 304 958 271S929 208 896 208H104C71 208 42 237 42 271S71 333 104 333ZM104 583H896C929 583 958 554 958 521S929 458 896 458H104C71 458 42 487 42 521S71 583 104 583ZM104 833H896C929 833 958 804 958 771S929 708 896 708H104C71 708 42 737 42 771S71 833 104 833Z\"><\/path><\/svg><svg aria-hidden=\"true\" role=\"presentation\" class=\"elementor-menu-toggle__icon--close e-font-icon-svg e-eicon-close\" viewBox=\"0 0 1000 1000\" xmlns=\"http:\/\/www.w3.org\/2000\/svg\"><path d=\"M742 167L500 408 258 167C246 154 233 150 217 150 196 150 179 158 167 167 154 179 150 196 150 212 150 229 154 242 171 254L408 500 167 742C138 771 138 800 167 829 196 858 225 858 254 829L496 587 738 829C750 842 767 846 783 846 800 846 817 842 829 829 842 817 846 804 846 783 846 767 842 750 829 737L588 500 833 258C863 229 863 200 833 171 804 137 775 137 742 167Z\"><\/path><\/svg>\t\t\t<span class=\"elementor-screen-only\">Men\u00fc<\/span>\n\t\t<\/div>\n\t\t\t\t\t<nav class=\"elementor-nav-menu--dropdown elementor-nav-menu__container\" aria-hidden=\"true\">\n\t\t\t\t<ul id=\"menu-2-12b39a2\" class=\"elementor-nav-menu\"><li class=\"menu-item menu-item-type-post_type menu-item-object-page menu-item-home menu-item-124\"><a href=\"https:\/\/schuetzenverein-vanikum.de\/shs\/\" class=\"elementor-item\" tabindex=\"-1\">Startseite<\/a><\/li>\n<li class=\"menu-item menu-item-type-post_type menu-item-object-page menu-item-has-children menu-item-123\"><a href=\"https:\/\/schuetzenverein-vanikum.de\/shs\/index.php\/unser-verein\/\" class=\"elementor-item\" tabindex=\"-1\">Unser Verein<\/a>\n<ul class=\"sub-menu elementor-nav-menu--dropdown\">\n\t<li class=\"menu-item menu-item-type-custom menu-item-object-custom menu-item-225\"><a href=\"https:\/\/schuetzenverein-vanikum.de\/shs\/index.php\/unser-verein\/\" class=\"elementor-sub-item\" tabindex=\"-1\">Vereinsgeschichte<\/a><\/li>\n<\/ul>\n<\/li>\n<li class=\"menu-item menu-item-type-post_type menu-item-object-page menu-item-has-children menu-item-121\"><a href=\"https:\/\/schuetzenverein-vanikum.de\/shs\/index.php\/schuetzenhalle-2\/\" class=\"elementor-item\" tabindex=\"-1\">Sch\u00fctzenhalle<\/a>\n<ul class=\"sub-menu elementor-nav-menu--dropdown\">\n\t<li class=\"menu-item menu-item-type-custom menu-item-object-custom menu-item-226\"><a href=\"https:\/\/schuetzenverein-vanikum.de\/shs\/index.php\/schuetzenhalle-2\/\" class=\"elementor-sub-item\" tabindex=\"-1\">Vermiezung  Sch\u00fctzenhalle<\/a><\/li>\n\t<li class=\"menu-item menu-item-type-post_type menu-item-object-page menu-item-122\"><a href=\"https:\/\/schuetzenverein-vanikum.de\/shs\/index.php\/schuetzenhalle\/\" class=\"elementor-sub-item\" tabindex=\"-1\">Chronik der Sch\u00fctzenhalle<\/a><\/li>\n<\/ul>\n<\/li>\n<\/ul>\t\t\t<\/nav>\n\t\t\t\t<\/div>\n\t\t\t\t<\/div>\n\t\t\t\t\t<\/div>\n\t\t\t\t<\/div>\n\t\t<div class=\"elementor-element elementor-element-7a24c7f e-transform e-flex e-con-boxed e-con e-parent\" data-id=\"7a24c7f\" data-element_type=\"container\" data-settings=\"{&quot;_transform_rotateZ_effect&quot;:{&quot;unit&quot;:&quot;px&quot;,&quot;size&quot;:97,&quot;sizes&quot;:[]},&quot;_transform_rotateZ_effect_tablet&quot;:{&quot;unit&quot;:&quot;deg&quot;,&quot;size&quot;:&quot;&quot;,&quot;sizes&quot;:[]},&quot;_transform_rotateZ_effect_mobile&quot;:{&quot;unit&quot;:&quot;deg&quot;,&quot;size&quot;:&quot;&quot;,&quot;sizes&quot;:[]},&quot;_transform_rotateX_effect&quot;:{&quot;unit&quot;:&quot;px&quot;,&quot;size&quot;:&quot;&quot;,&quot;sizes&quot;:[]},&quot;_transform_rotateX_effect_tablet&quot;:{&quot;unit&quot;:&quot;deg&quot;,&quot;size&quot;:&quot;&quot;,&quot;sizes&quot;:[]},&quot;_transform_rotateX_effect_mobile&quot;:{&quot;unit&quot;:&quot;deg&quot;,&quot;size&quot;:&quot;&quot;,&quot;sizes&quot;:[]},&quot;_transform_rotateY_effect&quot;:{&quot;unit&quot;:&quot;px&quot;,&quot;size&quot;:&quot;&quot;,&quot;sizes&quot;:[]},&quot;_transform_rotateY_effect_tablet&quot;:{&quot;unit&quot;:&quot;deg&quot;,&quot;size&quot;:&quot;&quot;,&quot;sizes&quot;:[]},&quot;_transform_rotateY_effect_mobile&quot;:{&quot;unit&quot;:&quot;deg&quot;,&quot;size&quot;:&quot;&quot;,&quot;sizes&quot;:[]},&quot;_transform_perspective_effect&quot;:{&quot;unit&quot;:&quot;px&quot;,&quot;size&quot;:&quot;&quot;,&quot;sizes&quot;:[]},&quot;_transform_perspective_effect_tablet&quot;:{&quot;unit&quot;:&quot;px&quot;,&quot;size&quot;:&quot;&quot;,&quot;sizes&quot;:[]},&quot;_transform_perspective_effect_mobile&quot;:{&quot;unit&quot;:&quot;px&quot;,&quot;size&quot;:&quot;&quot;,&quot;sizes&quot;:[]}}\">\n\t\t\t\t\t<div class=\"e-con-inner\">\n\t\t\t\t<div class=\"elementor-element elementor-element-7dd71b6 elementor-widget elementor-widget-image\" data-id=\"7dd71b6\" data-element_type=\"widget\" data-widget_type=\"image.default\">\n\t\t\t\t<div class=\"elementor-widget-container\">\n\t\t\t\t\t\t\t\t\t\t\t\t\t<img decoding=\"async\" width=\"1289\" height=\"161\" src=\"https:\/\/schuetzenverein-vanikum.de\/shs\/wp-content\/uploads\/2024\/11\/Wappen2.png\" class=\"attachment-2048x2048 size-2048x2048 wp-image-206\" alt=\"\" srcset=\"https:\/\/schuetzenverein-vanikum.de\/shs\/wp-content\/uploads\/2024\/11\/Wappen2.png 1289w, https:\/\/schuetzenverein-vanikum.de\/shs\/wp-content\/uploads\/2024\/11\/Wappen2-300x37.png 300w, https:\/\/schuetzenverein-vanikum.de\/shs\/wp-content\/uploads\/2024\/11\/Wappen2-1024x128.png 1024w, https:\/\/schuetzenverein-vanikum.de\/shs\/wp-content\/uploads\/2024\/11\/Wappen2-768x96.png 768w\" sizes=\"(max-width: 1289px) 100vw, 1289px\" \/>\t\t\t\t\t\t\t\t\t\t\t\t\t<\/div>\n\t\t\t\t<\/div>\n\t\t\t\t\t<\/div>\n\t\t\t\t<\/div>\n\t\t<div class=\"elementor-element elementor-element-645f78e e-flex e-con-boxed e-con e-parent\" data-id=\"645f78e\" data-element_type=\"container\">\n\t\t\t\t\t<div class=\"e-con-inner\">\n\t\t<div class=\"elementor-element elementor-element-174ba3b e-con-full e-flex e-con e-child\" data-id=\"174ba3b\" data-element_type=\"container\">\n\t\t\t\t<div class=\"elementor-element elementor-element-1d1254d elementor-widget elementor-widget-image\" data-id=\"1d1254d\" data-element_type=\"widget\" data-widget_type=\"image.default\">\n\t\t\t\t<div class=\"elementor-widget-container\">\n\t\t\t\t\t\t\t\t\t\t\t\t\t\t<a href=\"https:\/\/online.fliphtml5.com\/ubbft\/hwcp\/\">\n\t\t\t\t\t\t\t<img loading=\"lazy\" decoding=\"async\" width=\"372\" height=\"526\" src=\"https:\/\/schuetzenverein-vanikum.de\/shs\/wp-content\/uploads\/2024\/11\/Titelblatt_2024.jpg\" class=\"attachment-large size-large wp-image-176\" alt=\"\" srcset=\"https:\/\/schuetzenverein-vanikum.de\/shs\/wp-content\/uploads\/2024\/11\/Titelblatt_2024.jpg 372w, https:\/\/schuetzenverein-vanikum.de\/shs\/wp-content\/uploads\/2024\/11\/Titelblatt_2024-212x300.jpg 212w\" sizes=\"(max-width: 372px) 100vw, 372px\" \/>\t\t\t\t\t\t\t\t<\/a>\n\t\t\t\t\t\t\t\t\t\t\t\t\t<\/div>\n\t\t\t\t<\/div>\n\t\t\t\t<div class=\"elementor-element elementor-element-542c11c elementor-align-justify elementor-widget elementor-widget-button\" data-id=\"542c11c\" data-element_type=\"widget\" data-widget_type=\"button.default\">\n\t\t\t\t<div class=\"elementor-widget-container\">\n\t\t\t\t\t\t\t<div class=\"elementor-button-wrapper\">\n\t\t\t\t\t<a class=\"elementor-button elementor-button-link elementor-size-sm\" href=\"https:\/\/online.fliphtml5.com\/ubbft\/hwcp\/\">\n\t\t\t\t\t\t<span class=\"elementor-button-content-wrapper\">\n\t\t\t\t\t\t\t\t\t<span class=\"elementor-button-text\">Hier klicken zur Online Version<\/span>\n\t\t\t\t\t<\/span>\n\t\t\t\t\t<\/a>\n\t\t\t\t<\/div>\n\t\t\t\t\t\t<\/div>\n\t\t\t\t<\/div>\n\t\t\t\t<div class=\"elementor-element elementor-element-759d363 elementor-widget elementor-widget-text-editor\" data-id=\"759d363\" data-element_type=\"widget\" data-widget_type=\"text-editor.default\">\n\t\t\t\t<div class=\"elementor-widget-container\">\n\t\t\t\t\t\t\t<p><strong>Festschrift zum Sch\u00fctzen- und Volksfest 2024 \u2013 Ein St\u00fcck Tradition zum Mitnehmen!<\/strong><\/p><p>Zum Sch\u00fctzen- und Volksfest 2024 pr\u00e4sentiert der St. Hubertus Sch\u00fctzenverein 1893 Vanikum e.V. die offizielle Festschrift \u2013 ein unverzichtbares Souvenir f\u00fcr alle, die Tradition und Gemeinschaft lieben!<\/p>\t\t\t\t\t\t<\/div>\n\t\t\t\t<\/div>\n\t\t\t\t<\/div>\n\t\t<div class=\"elementor-element elementor-element-3fad069 e-con-full e-flex e-con e-child\" data-id=\"3fad069\" data-element_type=\"container\">\n\t\t\t\t<div class=\"elementor-element elementor-element-c6186dc elementor-widget elementor-widget-image\" data-id=\"c6186dc\" data-element_type=\"widget\" data-widget_type=\"image.default\">\n\t\t\t\t<div class=\"elementor-widget-container\">\n\t\t\t\t\t\t\t\t\t\t\t\t\t<img loading=\"lazy\" decoding=\"async\" width=\"396\" height=\"605\" src=\"https:\/\/schuetzenverein-vanikum.de\/shs\/wp-content\/uploads\/2024\/11\/IMG_7125.jpg\" class=\"attachment-large size-large wp-image-187\" alt=\"\" srcset=\"https:\/\/schuetzenverein-vanikum.de\/shs\/wp-content\/uploads\/2024\/11\/IMG_7125.jpg 396w, https:\/\/schuetzenverein-vanikum.de\/shs\/wp-content\/uploads\/2024\/11\/IMG_7125-196x300.jpg 196w\" sizes=\"(max-width: 396px) 100vw, 396px\" \/>\t\t\t\t\t\t\t\t\t\t\t\t\t<\/div>\n\t\t\t\t<\/div>\n\t\t\t\t<\/div>\n\t\t\t\t\t<\/div>\n\t\t\t\t<\/div>\n\t\t<div class=\"elementor-element elementor-element-28deca4 e-flex e-con-boxed e-con e-parent\" data-id=\"28deca4\" data-element_type=\"container\">\n\t\t\t\t\t<div class=\"e-con-inner\">\n\t\t<div class=\"elementor-element elementor-element-a61a7ea e-con-full e-flex e-con e-child\" data-id=\"a61a7ea\" data-element_type=\"container\">\n\t\t\t\t<div class=\"elementor-element elementor-element-8f7be21 elementor-widget__width-initial elementor-widget elementor-widget-image\" data-id=\"8f7be21\" data-element_type=\"widget\" data-widget_type=\"image.default\">\n\t\t\t\t<div class=\"elementor-widget-container\">\n\t\t\t\t\t\t\t\t\t\t\t\t\t\t<a href=\"https:\/\/schuetzenverein-vanikum.de\/shs\/wp-content\/uploads\/2024\/11\/1-2.jpg\" data-elementor-open-lightbox=\"yes\" data-elementor-lightbox-title=\"1\" data-e-action-hash=\"#elementor-action%3Aaction%3Dlightbox%26settings%3DeyJpZCI6MTk2LCJ1cmwiOiJodHRwczpcL1wvc2NodWV0emVudmVyZWluLXZhbmlrdW0uZGVcL3Noc1wvd3AtY29udGVudFwvdXBsb2Fkc1wvMjAyNFwvMTFcLzEtMi5qcGcifQ%3D%3D\">\n\t\t\t\t\t\t\t<img loading=\"lazy\" decoding=\"async\" width=\"600\" height=\"851\" src=\"https:\/\/schuetzenverein-vanikum.de\/shs\/wp-content\/uploads\/2024\/11\/1-2.jpg\" class=\"attachment-full size-full wp-image-196\" alt=\"\" srcset=\"https:\/\/schuetzenverein-vanikum.de\/shs\/wp-content\/uploads\/2024\/11\/1-2.jpg 600w, https:\/\/schuetzenverein-vanikum.de\/shs\/wp-content\/uploads\/2024\/11\/1-2-212x300.jpg 212w\" sizes=\"(max-width: 600px) 100vw, 600px\" \/>\t\t\t\t\t\t\t\t<\/a>\n\t\t\t\t\t\t\t\t\t\t\t\t\t<\/div>\n\t\t\t\t<\/div>\n\t\t\t\t<\/div>\n\t\t<div class=\"elementor-element elementor-element-1ae84f2 e-con-full e-flex e-con e-child\" data-id=\"1ae84f2\" data-element_type=\"container\">\n\t\t<div class=\"elementor-element elementor-element-a8ee6a2 e-con-full e-flex e-con e-child\" data-id=\"a8ee6a2\" data-element_type=\"container\">\n\t\t\t\t<div class=\"elementor-element elementor-element-aea5db2 elementor-widget elementor-widget-image\" data-id=\"aea5db2\" data-element_type=\"widget\" data-widget_type=\"image.default\">\n\t\t\t\t<div class=\"elementor-widget-container\">\n\t\t\t\t\t\t\t\t\t\t\t\t\t\t<a href=\"https:\/\/schuetzenverein-vanikum.de\/shs\/wp-content\/uploads\/2024\/11\/3-2.jpg\" data-elementor-open-lightbox=\"yes\" data-elementor-lightbox-title=\"3\" data-e-action-hash=\"#elementor-action%3Aaction%3Dlightbox%26settings%3DeyJpZCI6MTk4LCJ1cmwiOiJodHRwczpcL1wvc2NodWV0emVudmVyZWluLXZhbmlrdW0uZGVcL3Noc1wvd3AtY29udGVudFwvdXBsb2Fkc1wvMjAyNFwvMTFcLzMtMi5qcGcifQ%3D%3D\">\n\t\t\t\t\t\t\t<img loading=\"lazy\" decoding=\"async\" width=\"524\" height=\"744\" src=\"https:\/\/schuetzenverein-vanikum.de\/shs\/wp-content\/uploads\/2024\/11\/3-2.jpg\" class=\"attachment-full size-full wp-image-198\" alt=\"\" srcset=\"https:\/\/schuetzenverein-vanikum.de\/shs\/wp-content\/uploads\/2024\/11\/3-2.jpg 524w, https:\/\/schuetzenverein-vanikum.de\/shs\/wp-content\/uploads\/2024\/11\/3-2-211x300.jpg 211w\" sizes=\"(max-width: 524px) 100vw, 524px\" \/>\t\t\t\t\t\t\t\t<\/a>\n\t\t\t\t\t\t\t\t\t\t\t\t\t<\/div>\n\t\t\t\t<\/div>\n\t\t\t\t<\/div>\n\t\t\t\t<\/div>\n\t\t\t\t\t<\/div>\n\t\t\t\t<\/div>\n\t\t<div class=\"elementor-element elementor-element-3d793de e-flex e-con-boxed e-con e-parent\" data-id=\"3d793de\" data-element_type=\"container\">\n\t\t\t\t\t<div class=\"e-con-inner\">\n\t\t\t\t<div class=\"elementor-element elementor-element-22adc71 elementor-widget elementor-widget-text-editor\" data-id=\"22adc71\" data-element_type=\"widget\" data-widget_type=\"text-editor.default\">\n\t\t\t\t<div class=\"elementor-widget-container\">\n\t\t\t\t\t\t\t<div class=\"flex-1 overflow-hidden\"><div class=\"h-full\"><div class=\"react-scroll-to-bottom--css-jchol-79elbk h-full\"><div class=\"react-scroll-to-bottom--css-jchol-1n7m0yu\"><div class=\"flex flex-col text-sm md:pb-9\"><article class=\"w-full scroll-mb-[var(--thread-trailing-height)] text-token-text-primary focus-visible:outline-2 focus-visible:outline-offset-[-4px]\" dir=\"auto\" data-testid=\"conversation-turn-25\" data-scroll-anchor=\"true\"><div class=\"m-auto text-base py-[18px] px-3 md:px-4 w-full md:px-5 lg:px-4 xl:px-5\"><div class=\"mx-auto flex flex-1 gap-4 text-base md:gap-5 lg:gap-6 md:max-w-3xl lg:max-w-[40rem] xl:max-w-[48rem]\"><div class=\"group\/conversation-turn relative flex w-full min-w-0 flex-col agent-turn\"><div class=\"flex-col gap-1 md:gap-3\"><div class=\"flex max-w-full flex-col flex-grow\"><div class=\"min-h-8 text-message flex w-full flex-col items-end gap-2 whitespace-normal break-words [.text-message+&amp;]:mt-5\" dir=\"auto\" data-message-author-role=\"assistant\" data-message-id=\"5416d324-6db5-483f-99d6-f96a26db9db4\" data-message-model-slug=\"gpt-4o\"><div class=\"flex w-full flex-col gap-1 empty:hidden first:pt-[3px]\"><div class=\"markdown prose w-full break-words dark:prose-invert light\"><p><strong>Werde Teil des Kinderregiments im St. Hubertus Sch\u00fctzenverein 1893 Vanikum e.V.!<\/strong><\/p><p>Hallo liebe Kinder!<br \/>Habt ihr Lust auf Spa\u00df, Abenteuer und neue Freundschaften? Dann seid ihr bei uns im Kinderregiment des St. Hubertus Sch\u00fctzenvereins genau richtig! Werdet ein Teil unserer Sch\u00fctzenfamilie und erlebt das Sch\u00fctzenfest hautnah!<\/p><h3>Was euch erwartet:<\/h3><ul><li><strong>Coole Uniformen<\/strong>: Marschiert in tollen Uniformen mit und f\u00fchlt euch wie echte Sch\u00fctzen!<\/li><li><strong>Spannende Ausfl\u00fcge und Veranstaltungen<\/strong>: Gemeinsame Treffen und aufregende Ausfl\u00fcge warten auf euch.<\/li><li><strong>Gemeinschaft und Spa\u00df<\/strong>: Findet neue Freunde und genie\u00dft die tolle Atmosph\u00e4re in unserem Verein.<\/li><li><strong>Tradition erleben<\/strong>: Lernt die Geschichte des Sch\u00fctzenvereins kennen und erlebt, wie wir unsere Traditionen leben und feiern.<\/li><\/ul><h3>Wer kann mitmachen?<\/h3><p>Alle Kinder aus Vanikum und Umgebung, die Lust auf Gemeinschaft und Tradition haben und Teil unserer Sch\u00fctzenfamilie werden m\u00f6chten.<\/p><p><strong>Interesse?<\/strong><br \/>Dann meldet euch gerne bei uns! Eure Eltern k\u00f6nnen uns eine Nachricht schreiben oder uns beim n\u00e4chsten Sch\u00fctzenfest ansprechen. Wir freuen uns darauf, euch kennenzulernen und gemeinsam jede Menge Spa\u00df zu haben!<\/p><p><strong>Kontakt<\/strong><br \/>Ansprechpartner: Steffen Wiese<br \/>Mobil: 0173 \/ 19 20 47 2<br \/>Email: <a rel=\"noopener\">steffenwiese@yahoo.de<\/a><\/p><p><strong>Auf ins Abenteuer \u2013 Werdet Teil unseres Kinderregiments und erlebt Sch\u00fctzenfest hautnah!<\/strong><\/p><\/div><\/div><\/div><\/div><\/div><\/div><\/div><\/div><\/article><\/div><\/div><\/div><\/div><\/div>\t\t\t\t\t\t<\/div>\n\t\t\t\t<\/div>\n\t\t\t\t\t<\/div>\n\t\t\t\t<\/div>\n\t\t\t\t<\/div>\n\t\t","protected":false},"excerpt":{"rendered":"<p>Hier klicken zur Online Version Festschrift zum Sch\u00fctzen- und Volksfest 2024 \u2013 Ein St\u00fcck Tradition zum Mitnehmen! Zum Sch\u00fctzen- und Volksfest 2024 pr\u00e4sentiert der St. Hubertus Sch\u00fctzenverein 1893 Vanikum e.V. die offizielle Festschrift \u2013 ein unverzichtbares Souvenir f\u00fcr alle, die Tradition und Gemeinschaft lieben! Werde Teil des Kinderregiments im St. Hubertus Sch\u00fctzenverein 1893 Vanikum e.V.! [&hellip;]<\/p>\n","protected":false},"author":1,"featured_media":0,"parent":0,"menu_order":0,"comment_status":"closed","ping_status":"open","template":"","meta":{"ocean_post_layout":"full-width","ocean_both_sidebars_style":"","ocean_both_sidebars_content_width":0,"ocean_both_sidebars_sidebars_width":0,"ocean_sidebar":"","ocean_second_sidebar":"","ocean_disable_margins":"enable","ocean_add_body_class":"","ocean_shortcode_before_top_bar":"","ocean_shortcode_after_top_bar":"","ocean_shortcode_before_header":"","ocean_shortcode_after_header":"","ocean_has_shortcode":"","ocean_shortcode_after_title":"","ocean_shortcode_before_footer_widgets":"","ocean_shortcode_after_footer_widgets":"","ocean_shortcode_before_footer_bottom":"","ocean_shortcode_after_footer_bottom":"","ocean_display_top_bar":"off","ocean_display_header":"off","ocean_header_style":"","ocean_center_header_left_menu":"","ocean_custom_header_template":"","ocean_custom_logo":0,"ocean_custom_retina_logo":0,"ocean_custom_logo_max_width":0,"ocean_custom_logo_tablet_max_width":0,"ocean_custom_logo_mobile_max_width":0,"ocean_custom_logo_max_height":0,"ocean_custom_logo_tablet_max_height":0,"ocean_custom_logo_mobile_max_height":0,"ocean_header_custom_menu":"","ocean_menu_typo_font_family":"","ocean_menu_typo_font_subset":"","ocean_menu_typo_font_size":0,"ocean_menu_typo_font_size_tablet":0,"ocean_menu_typo_font_size_mobile":0,"ocean_menu_typo_font_size_unit":"px","ocean_menu_typo_font_weight":"","ocean_menu_typo_font_weight_tablet":"","ocean_menu_typo_font_weight_mobile":"","ocean_menu_typo_transform":"","ocean_menu_typo_transform_tablet":"","ocean_menu_typo_transform_mobile":"","ocean_menu_typo_line_height":0,"ocean_menu_typo_line_height_tablet":0,"ocean_menu_typo_line_height_mobile":0,"ocean_menu_typo_line_height_unit":"","ocean_menu_typo_spacing":0,"ocean_menu_typo_spacing_tablet":0,"ocean_menu_typo_spacing_mobile":0,"ocean_menu_typo_spacing_unit":"","ocean_menu_link_color":"","ocean_menu_link_color_hover":"","ocean_menu_link_color_active":"","ocean_menu_link_background":"","ocean_menu_link_hover_background":"","ocean_menu_link_active_background":"","ocean_menu_social_links_bg":"","ocean_menu_social_hover_links_bg":"","ocean_menu_social_links_color":"","ocean_menu_social_hover_links_color":"","ocean_disable_title":"on","ocean_disable_heading":"default","ocean_post_title":"","ocean_post_subheading":"","ocean_post_title_style":"","ocean_post_title_background_color":"","ocean_post_title_background":0,"ocean_post_title_bg_image_position":"","ocean_post_title_bg_image_attachment":"","ocean_post_title_bg_image_repeat":"","ocean_post_title_bg_image_size":"","ocean_post_title_height":0,"ocean_post_title_bg_overlay":0.5,"ocean_post_title_bg_overlay_color":"","ocean_disable_breadcrumbs":"default","ocean_breadcrumbs_color":"","ocean_breadcrumbs_separator_color":"","ocean_breadcrumbs_links_color":"","ocean_breadcrumbs_links_hover_color":"","ocean_display_footer_widgets":"default","ocean_display_footer_bottom":"default","ocean_custom_footer_template":"","footnotes":""},"class_list":["post-2","page","type-page","status-publish","hentry","entry"],"_links":{"self":[{"href":"https:\/\/schuetzenverein-vanikum.de\/shs\/index.php\/wp-json\/wp\/v2\/pages\/2","targetHints":{"allow":["GET"]}}],"collection":[{"href":"https:\/\/schuetzenverein-vanikum.de\/shs\/index.php\/wp-json\/wp\/v2\/pages"}],"about":[{"href":"https:\/\/schuetzenverein-vanikum.de\/shs\/index.php\/wp-json\/wp\/v2\/types\/page"}],"author":[{"embeddable":true,"href":"https:\/\/schuetzenverein-vanikum.de\/shs\/index.php\/wp-json\/wp\/v2\/users\/1"}],"replies":[{"embeddable":true,"href":"https:\/\/schuetzenverein-vanikum.de\/shs\/index.php\/wp-json\/wp\/v2\/comments?post=2"}],"version-history":[{"count":56,"href":"https:\/\/schuetzenverein-vanikum.de\/shs\/index.php\/wp-json\/wp\/v2\/pages\/2\/revisions"}],"predecessor-version":[{"id":245,"href":"https:\/\/schuetzenverein-vanikum.de\/shs\/index.php\/wp-json\/wp\/v2\/pages\/2\/revisions\/245"}],"wp:attachment":[{"href":"https:\/\/schuetzenverein-vanikum.de\/shs\/index.php\/wp-json\/wp\/v2\/media?parent=2"}],"curies":[{"name":"wp","href":"https:\/\/api.w.org\/{rel}","templated":true}]}}